{"id":1818,"date":"2022-02-03T10:04:19","date_gmt":"2022-02-03T09:04:19","guid":{"rendered":"http:\/\/yanh.pl\/dev\/srbnp\/?page_id=1818"},"modified":"2022-12-19T15:57:49","modified_gmt":"2022-12-19T14:57:49","slug":"informacje-prawne","status":"publish","type":"page","link":"https:\/\/dziedzictwopolonii.pl\/portal\/informacje-prawne\/","title":{"rendered":"INFORMACJE PRAWNE"},"content":{"rendered":"<div class=\"pdfprnt-buttons pdfprnt-buttons-page pdfprnt-top-right\"><a href=\"https:\/\/dziedzictwopolonii.pl\/portal\/wp-json\/wp\/v2\/pages\/1818?print=pdf\" class=\"pdfprnt-button pdfprnt-button-pdf\" target=\"_blank\"><img decoding=\"async\" src=\"http:\/\/dziedzictwopolonii.pl\/portal\/wp-content\/plugins\/pdf-print\/images\/pdf.png\" alt=\"image_pdf\" title=\"Download PDF\" \/><span class=\"pdfprnt-button-title pdfprnt-button-pdf-title\">POBIERZ PDF<\/span><\/a><a href=\"https:\/\/dziedzictwopolonii.pl\/portal\/wp-json\/wp\/v2\/pages\/1818?print=print\" class=\"pdfprnt-button pdfprnt-button-print\" target=\"_blank\"><img decoding=\"async\" src=\"http:\/\/dziedzictwopolonii.pl\/portal\/wp-content\/plugins\/pdf-print\/images\/print.png\" alt=\"image_print\" title=\"Print Content\" \/><\/a><\/div><div class=\"container t-center relative zi-1\">\n<h2 class=\"ctg-title\" style=\"text-align: justify;\">ZASADY PRZETWARZANIA I OCHRONY DANYCH OSOBOWYCH<\/h2>\n<h5 style=\"text-align: justify;\">POLITYKA PRYWATNO\u015aCI I WYKORZYSTYWANIA PLIK\u00d3W COOKIES<\/h5>\n<p style=\"text-align: justify;\">POLSKA 360 prowadzi dzia\u0142alno\u015b\u0107 w zakresie opieki nad Kombatantami w czasie II wojny \u015bwiatowej i po jej zako\u0144czeniu w okrasie re\u017cimu stalinowskiego oraz dzia\u0142alno\u015b\u0107 digitalizacyjn\u0105, archiwistyczn\u0105 i kulturaln\u0105 . Dobrowolnie przekazane nam dane osobowe s\u0105 wykorzystywane w celu nawi\u0105zania kontaktu, prezentowania naszej oferty, proponowania rozwi\u0105za\u0144 dopasowanych do potrzeb naszych klient\u00f3w, a tak\u017ce zawierania i wykonywania um\u00f3w. Jako administrator danych osobowych dok\u0142adamy szczeg\u00f3lnej staranno\u015bci w celu ochrony prywatno\u015bci oraz danych nam przekazanych. Z nale\u017cyt\u0105 staranno\u015bci\u0105 dobieramy i stosujemy odpowiednie \u015brodki techniczne i organizacyjne, zapewniaj\u0105ce ochron\u0119 danych osobowych, kt\u00f3re s\u0105 przetwarzane, w szczeg\u00f3lno\u015bci zabezpieczamy dane przed ich ujawnieniem, utraceniem, udost\u0119pnieniem osobom nieupowa\u017cnionym a tak\u017ce zniszczeniem. 25 maja 2018r. na terenie ca\u0142ej Unii Europejskiej (tak\u017ce w Polsce) zacz\u0119\u0142o obowi\u0105zywa\u0107 Rozporz\u0105dzenie o Ochronie Danych Osobowych (RODO), kt\u00f3rego celem jest ujednolicenie europejskich standard\u00f3w ochrony i zasad przetwarzania danych osobowych. Zapraszamy do zapoznania si\u0119 z poni\u017cszymi informacjami na temat przetwarzania i ochrony danych stosowanych\u00a0 przez FUNDACJ\u0118 a tak\u017ce na temat przys\u0142uguj\u0105cych Ci uprawnie\u0144.<\/p>\n<h4 style=\"text-align: justify;\">1. Kto jest administratorem Twoich danych osobowych i jak mo\u017cesz si\u0119 z nami skontaktowa\u0107?<\/h4>\n<p style=\"text-align: justify;\">Jako \u015aWIATOWA RADA BADA\u0143 NAD POLONI\u0104 jeste\u015bmy administratorem Twoich danych osobowych. Oznacza to, \u017ce w \u015bwietle przepis\u00f3w prawa odpowiadamy za ich odpowiedzialne, bezpieczne i zgodne z prawem przetwarzanie. W sprawie swoich danych mo\u017cesz si\u0119 z nami skontaktowa\u0107:<\/p>\n<ol style=\"text-align: justify;\">\n<li><span style=\"color: #ff0000;\">listownie na adres: UZUPE\u0141NI\u0106 !!<\/span><\/li>\n<li><span style=\"color: #ff0000;\">mailowo na adres: UZUPE\u0141NI\u0106 !!<\/span><\/li>\n<\/ol>\n<h4 style=\"text-align: justify;\">2. Jak uzyskali\u015bmy Twoje dane osobowe? W jakim celu i na jakiej podstawie przetwarzamy Twoje dane osobowe?<\/h4>\n<p style=\"text-align: justify;\">Twoje dane osobowe, takie jak imi\u0119 i nazwisko, adres mailowy, telefon kontaktowy zosta\u0142y nam przekazane dobrowolnie w zwi\u0105zku z Twoim zainteresowaniem nasz\u0105 ofert\u0105 prezentowan\u0105 na Facebooku powi\u0105zan\u0105 z formularzem kontaktowym. Skorzystanie z\u00a0prezentowanej oferty oraz otrzymanie dalszych przydatnych informacji, przygotowanie rozwi\u0105za\u0144 uwzgl\u0119dniaj\u0105cych Twoje oczekiwania i potrzeby wi\u0105\u017ce si\u0119 z podaniem danych osobowych za po\u015brednictwem formularza kontaktowego oraz wyra\u017ceniem zgody na przetwarzanie przez nas Twoich danych osobowych. W przeciwnym wypadku nie mogliby\u015bmy si\u0119 z Tob\u0105 skontaktowa\u0107 i informowa\u0107 o wa\u017cnych dla Ciebie rozwi\u0105zaniach. Przetwarzamy Twoje dane osobowe w\u00a0nast\u0119puj\u0105cych celach:<\/p>\n<ol style=\"text-align: justify;\">\n<li>w celu zawarcia i prawid\u0142owego wykonania umowy, w szczeg\u00f3lno\u015bci w celu przedstawienia propozycji wsp\u00f3\u0142pracy za po\u015brednictwem rozmowy telefonicznej lub korespondencji mailowej oraz w celu \u015bwiadczenia us\u0142ug drog\u0105 elektroniczn\u0105 (podstawa prawna: art. 6 ust. 1 lit b RODO),<\/li>\n<li>w celu wykonania ci\u0105\u017c\u0105cych na nas obowi\u0105zk\u00f3w prawnych tj. rozpatrywania ewentualnych reklamacji, wystawiania faktur oraz dokument\u00f3w ksi\u0119gowych (podstawa prawna: art. 6 ust. 1 lit c RODO),<\/li>\n<li>ustalenia, obrony i dochodzenia ewentualnych roszcze\u0144 a tak\u017ce informowania o\u00a0 mo\u017cliwo\u015bci skorzystania z kolejnych naszych propozycji (podstawa prawna: art. 6 ust. 1 lit. f RODO),<\/li>\n<li>na podstawie Twojej zgody w celach marketingowych polegaj\u0105cych na informowaniu o\u00a0stosowanych przez nas rozwi\u0105zaniach, bie\u017c\u0105cej ofercie, aktualnych promocjach i rabatach, na przesy\u0142aniu i\u00a0prezentowaniu informacji handlowych, w tym drog\u0105 elektroniczn\u0105 oraz telefoniczn\u0105 (podstawa prawna: art. 6 ust. 1 lit. a RODO),<\/li>\n<li>w celu utrzymywania, wy\u015bwietlania stron internetowych lub komunikowania si\u0119 przez te strony \u2013 w tym celu wykorzystujemy dane identyfikacyjne takie jak numer IP, numery urz\u0105dzenia, dane z sesji internetowej. Te dane s\u0105 przetwarzane na podstawie zgody albo przepis\u00f3w prawa, w tym prawa telekomunikacyjnego. Ponadto przetwarzanie powy\u017cszych danych jest warunkiem skorzystania z\u00a0funkcjonalno\u015bci strony internetowej oraz us\u0142ug \u015bwiadczonych drog\u0105 elektroniczn\u0105 (podstawa prawna: art. 6 ust. 1 lit. a RODO oraz art. 6 ust. 1 lit. b RODO).<\/li>\n<\/ol>\n<h4 style=\"text-align: justify;\">3. Komu udost\u0119pniamy Twoje dane osobowe?<\/h4>\n<p style=\"text-align: justify;\">Twoje dane osobowe udost\u0119pniamy wyj\u0105tkowo, wy\u0142\u0105cznie odbiorcom uprawnionym z mocy przepis\u00f3w prawa oraz wspieraj\u0105cym nas w bie\u017c\u0105cej dzia\u0142alno\u015bci i\u00a0prawid\u0142owym wykonaniu umowy:<\/p>\n<ol style=\"text-align: justify;\">\n<li>podmiotom i organom upowa\u017cnionym z mocy prawa,<\/li>\n<li>podmiotom prowadz\u0105cym dzia\u0142alno\u015b\u0107 kuriersk\u0105 i pocztow\u0105,<\/li>\n<li>podmiotom wspieraj\u0105cym nas w \u015bwiadczeniu us\u0142ug drog\u0105 elektroniczn\u0105, czyli takim, kt\u00f3re zapewniaj\u0105 np. us\u0142ugi p\u0142atnicze,<\/li>\n<li>podmiotom obs\u0142uguj\u0105cym nasze systemy teleinformatyczne oraz udost\u0119pniaj\u0105cym nam narz\u0119dzia teleinformatyczne,<\/li>\n<li>podmiotom \u015bwiadcz\u0105cym nam us\u0142ugi doradcze, pomoc prawn\u0105 oraz ksi\u0119gow\u0105,<\/li>\n<li>podmiotom wsp\u00f3\u0142pracuj\u0105cym przy organizacji akcji marketingowych.<\/li>\n<\/ol>\n<h4 style=\"text-align: justify;\">4. Czy Twoje dane trafi\u0105 poza Europejski Obszar Gospodarczy (EOG)?<\/h4>\n<p style=\"text-align: justify;\">Obecnie nie przekazujemy Twoich danych poza Europejski Obszar Gospodarczy obejmuj\u0105cy Uni\u0119 Europejsk\u0105, Norwegi\u0119, Liechtenstein i Islandi\u0119. Nie planujemy tak\u017ce przekazywa\u0107 Twoich danych poza obszar EOG. W przypadku podj\u0119cia decyzji o przekazywaniu danych poza obszar EOG b\u0119dziemy kierowali si\u0119 w tym zakresie przepisami prawa a aktualna informacja na ten temat b\u0119dzie znajdowa\u0107 si\u0119 na stronie: www.fundacjaak.pl.<\/p>\n<h4 style=\"text-align: justify;\">5. Jak d\u0142ugo b\u0119dziemy przetwarzali Twoje dane osobowe?<\/h4>\n<p style=\"text-align: justify;\">Okres przetwarzania Twoich danych zale\u017cy od celu, w jakim zosta\u0142y zebrane oraz od obowi\u0105zuj\u0105cych przepis\u00f3w prawa. Przetwarzamy dane zwi\u0105zane z:<\/p>\n<ol style=\"text-align: justify;\">\n<li>zawarciem i wykonaniem umowy \u2013 przez czas niezb\u0119dny do prawid\u0142owego wykonania umowy, a nast\u0119pnie do up\u0142ywu okresu przedawnienia ewentualnych roszcze\u0144;<\/li>\n<li>wystawianiem dokument\u00f3w ksi\u0119gowych \u2013 przez okres wymagany przepisami prawa podatkowego oraz ustawy o rachunkowo\u015bci;<\/li>\n<li>dochodzeniem lub obron\u0105 roszcze\u0144, zw\u0142aszcza w przypadku jakiegokolwiek sporu s\u0105dowego \u2013 przez czas do prawomocnego zako\u0144czenia post\u0119powania i\u00a0up\u0142ywu termin\u00f3w przedawnienia okre\u015blony przepisami prawa;<\/li>\n<li>dzia\u0142aniami marketingowymi \u2013 w\u00a0przypadku przetwarzania wy\u0142\u0105cznie na podstawie zgody \u2013 do momentu cofni\u0119cia zgody b\u0105d\u017a wyra\u017cenia sprzeciwu.<\/li>\n<\/ol>\n<p style=\"text-align: justify;\">Ka\u017cdy z powy\u017cej wskazanych cel\u00f3w jest rozpatrywany samodzielnie.<\/p>\n<h4 style=\"text-align: justify;\">6. Na czym polega prawo do \u017c\u0105dania dost\u0119pu do danych i jak mo\u017cesz go uzyska\u0107?<\/h4>\n<p style=\"text-align: justify;\">Jeste\u015b uprawniony do uzyskania od nas potwierdzenia, czy przetwarzane s\u0105 Twoje dane osobowe. Je\u017celi oka\u017ce si\u0119, \u017ce przetwarzamy Twoje dane, to w\u00f3wczas masz prawo do uzyskania od nas nast\u0119puj\u0105cych informacji:<\/p>\n<ol style=\"text-align: justify;\">\n<li>jaki jest cel przetwarzania danych;<\/li>\n<li>jakie kategorie danych przetwarzamy;<\/li>\n<li>jakim odbiorcom dane osobowe zosta\u0142y lub zostan\u0105 ujawnione;<\/li>\n<li>jaki jest planowany okres przechowywania danych, a gdy nie jest to mo\u017cliwe, kryteria ustalania tego okresu;<\/li>\n<li>jak sprostowa\u0107 dane, jak za\u017c\u0105da\u0107 ich usuni\u0119cia lub ograniczenia przetwarzania \u2013 je\u017celi takie uprawnienie przys\u0142uguje, jak wnie\u015b\u0107 sprzeciw wobec przetwarzania \u2013 je\u017celi takie uprawnienie przys\u0142uguje;<\/li>\n<li>o prawie do wniesienia skargi do organu nadzorczego;<\/li>\n<li>od kogo uzyskali\u015bmy Twoje dane osobowe;<\/li>\n<li>czy dokonujemy automatycznego podejmowania decyzji maj\u0105cych dla Ciebie istotny skutek.<\/li>\n<\/ol>\n<p style=\"text-align: justify;\">W ramach uprawnienia dost\u0119pu do danych mo\u017cesz otrzyma\u0107 od nas kopi\u0119 danych osobowych podlegaj\u0105cych przetwarzaniu, wskazuj\u0105c form\u0119 w jakiej kopia ma zosta\u0107 przekazana. Za wszelkie kolejne kopie mo\u017cemy pobra\u0107 op\u0142at\u0119 wynikaj\u0105c\u0105 z koszt\u00f3w administracyjnych. Je\u017celi zwr\u00f3cisz si\u0119 o kopi\u0119 drog\u0105 elektroniczn\u0105 i nie wska\u017cesz innego sposobu udost\u0119pnienia danych, w\u00f3wczas informacji udzielimy Ci powszechnie stosowan\u0105 drog\u0105 elektroniczn\u0105, na adres z jakiego skierowane zosta\u0142o do nas zapytanie. W celu uzyskania dost\u0119pu do danych mo\u017cesz skierowa\u0107 do nas zapytanie w formie pisemnej, mailowej b\u0105d\u017a telefonicznej (dane kontaktowe w\u00a0punkcie 1). Je\u017celi pojawi\u0105 si\u0119 uzasadnione w\u0105tpliwo\u015bci co do to\u017csamo\u015bci osoby sk\u0142adaj\u0105cej zapytanie, zw\u0142aszcza przy kontakcie telefonicznym, mo\u017cemy podj\u0105\u0107 dodatkowe dzia\u0142ania w celu zapewnienia bezpiecze\u0144stwa danych i weryfikacji to\u017csamo\u015bci. Podstawa prawna:\u00a0Artyku\u0142 15 oraz Artyku\u0142 12 RODO<\/p>\n<h4 style=\"text-align: justify;\">7. Na czym polega prawo do sprostowania danych i jak mo\u017cesz sprostowa\u0107 swoje dane?<\/h4>\n<p style=\"text-align: justify;\">Je\u017celi oka\u017ce si\u0119, \u017ce Twoje dane osobowe s\u0105 nieaktualne b\u0105d\u017a nieprawid\u0142owe, masz prawo do \u017c\u0105dania ich niezw\u0142ocznego sprostowania. \u017b\u0105danie sprostowania swoich danych mo\u017cesz skierowa\u0107 do nas r\u00f3wnie\u017c w formie pisemnej, mailowej b\u0105d\u017a telefonicznej (dane kontaktowe w punkcie 1). Je\u017celi pojawi\u0105 si\u0119 uzasadnione w\u0105tpliwo\u015bci co do to\u017csamo\u015bci osoby sk\u0142adaj\u0105cej \u017c\u0105danie, zw\u0142aszcza przy kontakcie telefonicznym, mo\u017cemy podj\u0105\u0107 dodatkowe dzia\u0142ania w celu zapewnienia bezpiecze\u0144stwa danych i weryfikacji to\u017csamo\u015bci. Podstawa prawna:\u00a0Artyku\u0142 16 oraz Artyku\u0142 12 RODO<\/p>\n<h4 style=\"text-align: justify;\">8. Na czym polega prawo do usuni\u0119cia danych (\u201eprawo do bycia zapomnianym\u201d) i jak mo\u017cesz je wykona\u0107?<\/h4>\n<p style=\"text-align: justify;\">Masz prawo \u017c\u0105dania od nas niezw\u0142ocznego usuni\u0119cia Twoich danych osobowych, je\u017celi zachodzi jedna z nast\u0119puj\u0105cych okoliczno\u015bci:<\/p>\n<ol style=\"text-align: justify;\">\n<li>dane osobowe nie s\u0105 ju\u017c niezb\u0119dne do cel\u00f3w, w kt\u00f3rych zosta\u0142y zebrane lub przetwarzane;<\/li>\n<li>zostanie przez Ciebie wycofana zgoda na przetwarzanie danych osobowych, a\u00a0nie ma innej podstawy prawnej przetwarzania;<\/li>\n<li>zostanie przez Ciebie wniesiony sprzeciw wobec przetwarzania (o prawie sprzeciwu poni\u017cej), a po naszej stronie nie wyst\u0119puj\u0105 nadrz\u0119dne prawnie uzasadnione interesy;<\/li>\n<li>dane osobowe by\u0142y przetwarzane niezgodnie z prawem;<\/li>\n<li>dane osobowe musz\u0105 by\u0107 usuni\u0119te w celu wywi\u0105zania si\u0119 z obowi\u0105zku prawnego na\u0142o\u017conego przez prawo, kt\u00f3remu podlegamy.<\/li>\n<\/ol>\n<p style=\"text-align: justify;\">Ponadto uprawnienie do usuni\u0119cia danych nie znajdzie zastosowania, je\u017celi przetwarzanie jest niezb\u0119dne do wywi\u0105zania si\u0119 z prawnego obowi\u0105zku (np. wystawienie faktury i\u00a0przechowywanie dokumentacji ksi\u0119gowej) albo do ustalenia, dochodzenia lub obrony roszcze\u0144. \u017b\u0105danie usuni\u0119cia danych mo\u017cesz skierowa\u0107 do nas r\u00f3wnie\u017c w formie pisemnej, mailowej b\u0105d\u017a telefonicznej (dane kontaktowe w punkcie 1). Je\u017celi pojawi\u0105 si\u0119 uzasadnione w\u0105tpliwo\u015bci co do to\u017csamo\u015bci osoby sk\u0142adaj\u0105cej \u017c\u0105danie, zw\u0142aszcza przy kontakcie telefonicznym, mo\u017cemy podj\u0105\u0107 dodatkowe dzia\u0142ania w celu zapewnienia bezpiecze\u0144stwa danych i weryfikacji to\u017csamo\u015bci. Podstawa prawna:\u00a0Artyku\u0142 17 oraz Artyku\u0142 12 RODO<\/p>\n<h4 style=\"text-align: justify;\">9. Na czym polega prawo do ograniczenia przetwarzania danych i jak mo\u017cesz je wykona\u0107?<\/h4>\n<p style=\"text-align: justify;\">Masz prawo \u017c\u0105dania od nas ograniczenia przetwarzania Twoich danych osobowych w\u00a0nast\u0119puj\u0105cych przypadkach:<\/p>\n<ol style=\"text-align: justify;\">\n<li>je\u017celi uwa\u017casz, \u017ce Twoje dane osobowe s\u0105 nieprawid\u0142owe \u2013 na okres pozwalaj\u0105cy nam sprawdzi\u0107 ich prawid\u0142owo\u015b\u0107;<\/li>\n<li>w przypadku ustalenia, \u017ce przetwarzanie danych osobowych jest niezgodne z\u00a0prawem, jednak nie chcesz, aby\u015bmy na trwa\u0142e usun\u0119li Twoje dane osobowe;<\/li>\n<li>w przypadku, gdy Twoje dane osobowe nie s\u0105 ju\u017c nam potrzebne, ale Ty potrzebujesz tych danych do ustalenia, dochodzenia lub obrony roszcze\u0144;<\/li>\n<li>w przypadku wniesienia sprzeciwu wobec przetwarzania \u2013 do czasu stwierdzenia, czy prawnie uzasadnione podstawy uzasadniaj\u0105 przetwarzanie Twoich danych osobowych.<\/li>\n<\/ol>\n<p style=\"text-align: justify;\">Ograniczenie przetwarzania danych osobowych spowoduje, \u017ce poza przechowywaniem nie b\u0119dziemy podejmowali \u017cadnych dzia\u0142a\u0144 w stosunku do Twoich danych osobowych. Wyj\u0105tek mo\u017ce stanowi\u0107 sytuacja, kiedy wyrazisz zgod\u0119 na podejmowanie przez nas innych aktywno\u015bci lub podejmowanie innych czynno\u015bci b\u0119dzie konieczne dla ustalenia, dochodzenia lub obrony roszcze\u0144, a tak\u017ce w celu ochrony praw innych os\u00f3b. Zanim uchylimy ograniczenie przetwarzania danych osobowych zostaniesz przez nas o tym poinformowany. \u017b\u0105danie ograniczenia przetwarzania danych mo\u017cesz skierowa\u0107 do nas w formie pisemnej, mailowej b\u0105d\u017a telefonicznej (dane kontaktowe w punkcie 1). Je\u017celi pojawi\u0105 si\u0119 uzasadnione w\u0105tpliwo\u015bci co do to\u017csamo\u015bci osoby sk\u0142adaj\u0105cej \u017c\u0105danie, zw\u0142aszcza przy kontakcie telefonicznym, mo\u017cemy podj\u0105\u0107 dodatkowe dzia\u0142ania w celu zapewnienia bezpiecze\u0144stwa danych i weryfikacji to\u017csamo\u015bci. Podstawa prawna:\u00a0Artyku\u0142 18 i Artyku\u0142 12 RODO<\/p>\n<h4 style=\"text-align: justify;\">10. Na czym polega prawo do wniesienia sprzeciwu i jak mo\u017cesz je wykona\u0107?<\/h4>\n<p style=\"text-align: justify;\">Masz prawo do wniesienia sprzeciwu wobec przetwarzania Twoich danych osobowych, je\u017celi b\u0119dzie to uzasadnione Twoj\u0105 szczeg\u00f3ln\u0105 sytuacj\u0105. W\u00f3wczas ograniczymy przetwarzanie Twoich danych, chyba, \u017ce wyst\u0105pi\u0105 wa\u017cne, prawnie uzasadnione podstawy, takie jak dochodzenie lub obrona roszcze\u0144. W przypadku przetwarzania Twoich danych osobowych na potrzeby marketingu bezpo\u015bredniego masz prawo w dowolnym momencie wnie\u015b\u0107 sprzeciw wobec przetwarzania dotycz\u0105cych Ciebie danych na potrzeby marketingu bezpo\u015bredniego, w zakresie, w jakim przetwarzanie jest zwi\u0105zane z takim marketingiem. W przypadku wniesienia sprzeciwu zaprzestaniemy przetwarzania Twoich danych osobowych w takim celu. Sprzeciw wobec przetwarzania danych mo\u017cesz skierowa\u0107 do nas w formie pisemnej, mailowej b\u0105d\u017a telefonicznej (dane kontaktowe w punkcie 1). Je\u017celi pojawi\u0105 si\u0119 uzasadnione w\u0105tpliwo\u015bci co do to\u017csamo\u015bci osoby sk\u0142adaj\u0105cej \u017c\u0105danie, zw\u0142aszcza przy kontakcie telefonicznym, mo\u017cemy podj\u0105\u0107 dodatkowe dzia\u0142ania w celu zapewnienia bezpiecze\u0144stwa danych i weryfikacji to\u017csamo\u015bci. Podstawa prawna:\u00a0Artyku\u0142 21 i Artyku\u0142 12 RODO<\/p>\n<h4 style=\"text-align: justify;\">11. Na czym polega prawo do przenoszenia danych i jak mo\u017cesz je wykona\u0107?<\/h4>\n<p style=\"text-align: justify;\">Masz prawo do otrzymania Twoich danych osobowych w ustrukturyzowanym, powszechnie u\u017cywanym formacie nadaj\u0105cym si\u0119 do odczytu maszynowego. Masz r\u00f3wnie\u017c prawo \u017c\u0105dania, aby\u015bmy przes\u0142ali Twoje dane bezpo\u015brednio innemu, wskazanemu przez Ciebie administratorowi, je\u017celi b\u0119dzie to technicznie mo\u017cliwe. Przekazanie danych bezpo\u015brednio Tobie b\u0105d\u017a przeniesienie ich do innego administratora nie spowoduje automatycznie usuni\u0119cia Twoich danych osobowych. Twoje dane osobowe zostan\u0105 przez nas usuni\u0119te tylko na Tw\u00f3j wyra\u017any wniosek. Wniosek o przeniesienie danych mo\u017cesz skierowa\u0107 do nas w formie pisemnej, mailowej b\u0105d\u017a telefonicznej (dane kontaktowe w punkcie 1). Je\u017celi pojawi\u0105 si\u0119 uzasadnione w\u0105tpliwo\u015bci co do to\u017csamo\u015bci osoby sk\u0142adaj\u0105cej \u017c\u0105danie, zw\u0142aszcza przy kontakcie telefonicznym, mo\u017cemy podj\u0105\u0107 dodatkowe dzia\u0142ania w celu zapewnienia bezpiecze\u0144stwa danych i weryfikacji to\u017csamo\u015bci. Podstawa prawna:\u00a0Artyku\u0142 20 i Artyku\u0142 12 RODO<\/p>\n<h4 style=\"text-align: justify;\">12. Z\u0142o\u017cy\u0142e\u015b wniosek o dost\u0119p \/ sprostowanie \/ usuni\u0119cie \/ ograniczenie przetwarzania \/ sprzeciw \/ przeniesienie danych \u2013 ile czasu mamy na zaj\u0119cie si\u0119 Twoim wnioskiem?<\/h4>\n<p style=\"text-align: justify;\">W ka\u017cdym przypadku zajmiemy si\u0119 Twoim wnioskiem bez zb\u0119dnej zw\u0142oki. W terminie miesi\u0105ca od dnia z\u0142o\u017cenia \u017c\u0105dania udzielimy Ci informacji o dzia\u0142aniach podj\u0119tych w zwi\u0105zku z Twoim \u017c\u0105daniem. Pami\u0119taj, \u017ce je\u017celi pojawi\u0105 si\u0119 uzasadnione w\u0105tpliwo\u015bci co do to\u017csamo\u015bci osoby sk\u0142adaj\u0105cej \u017c\u0105danie, zw\u0142aszcza przy kontakcie telefonicznym, mo\u017cemy podj\u0105\u0107 dodatkowe dzia\u0142ania w celu zapewnienia bezpiecze\u0144stwa danych i weryfikacji to\u017csamo\u015bci. W wyj\u0105tkowych przypadkach, z uwagi na skomplikowany charakter \u017c\u0105da\u0144 b\u0105d\u017a liczb\u0119 \u017c\u0105da\u0144 mo\u017cemy w razie potrzeby przed\u0142u\u017cy\u0107 czas rozpatrzenia wniosku o kolejne dwa miesi\u0105ce. Poinformujemy Ci\u0119 w\u00f3wczas o przyczynie op\u00f3\u017anienia. Je\u017celi podejmiemy decyzj\u0119 o niepodejmowaniu dzia\u0142a\u0144 w zwi\u0105zku z Twoim wnioskiem, np. z\u00a0uwagi na w\u0105tpliwo\u015bci co do to\u017csamo\u015bci osoby zg\u0142aszaj\u0105cej \u017c\u0105danie, to w\u00f3wczas poinformujemy Ci\u0119 o powodach niepodj\u0119cia dzia\u0142a\u0144 oraz mo\u017cliwo\u015bci skorzystania ze skargi do organu nadzorczego albo skorzystania z innych \u015brodk\u00f3w ochrony prawnej. Podstawa prawna:\u00a0Artyku\u0142 12 RODO<\/p>\n<h4 style=\"text-align: justify;\">13. Czy wniosek o dost\u0119p \/ sprostowanie \/ usuni\u0119cie \/ ograniczenie przetwarzania \/ sprzeciw \/ przeniesienie danych wi\u0105\u017ce si\u0119 z jakimi\u015b op\u0142atami?<\/h4>\n<p style=\"text-align: justify;\">Co do zasady dzia\u0142ania podejmowane w zwi\u0105zku z Twoim wnioskiem s\u0105 wolne od op\u0142at. Je\u017celi jednak \u017c\u0105dania te oka\u017c\u0105 si\u0119 ewidentnie nieuzasadnione lub nadmierne np. z uwagi na ci\u0105gle, powtarzaj\u0105ce si\u0119 takie same \u017c\u0105dania, mo\u017cemy w\u00f3wczas pobra\u0107 od Ciebie op\u0142at\u0119 uwzgl\u0119dniaj\u0105c\u0105 administracyjne koszty udzielenia informacji czy podejmowanych dzia\u0142a\u0144, a\u00a0tak\u017ce w uzasadnionym przypadku mamy prawo odm\u00f3wi\u0107 podj\u0119cia dzia\u0142a\u0144 w zwi\u0105zku z\u00a0\u017c\u0105daniem. Podstawa prawna:\u00a0Artyku\u0142 12 RODO<\/p>\n<h4 style=\"text-align: justify;\">14. Czy mo\u017cesz cofn\u0105\u0107 wyra\u017con\u0105 zgod\u0119?<\/h4>\n<p style=\"text-align: justify;\">Mo\u017cesz w dowolnym momencie cofn\u0105\u0107 zgod\u0119 na przetwarzanie Twoich danych osobowych je\u017celi przetwarzanie odbywa si\u0119 na podstawie zgody np. w celach marketingowych. Cofni\u0119cie zgody nie wp\u0142ywa na wa\u017cno\u015b\u0107 przetwarzania, kt\u00f3rego dokonano przed jej cofni\u0119ciem. Poza podstaw\u0105 przetwarzania jak\u0105 jest zgoda przetwarzamy Twoje dane osobowe konieczne dla zawarcia i wykonania umowy, \u015bwiadczenia us\u0142ug drog\u0105 elektroniczn\u0105, jak r\u00f3wnie\u017c wykonania ci\u0105\u017c\u0105cych na nas obowi\u0105zk\u00f3w prawnych. W przypadku przetwarzania na tych podstawach prawo do cofni\u0119cia zgody nie znajdzie zastosowania. W\u00a0przypadku w\u0105tpliwo\u015bci zwi\u0105zanych z\u00a0przetwarzaniem Twoich dany skontaktuj si\u0119 z nami.<\/p>\n<h4 style=\"text-align: justify;\">15. Czy przetwarzaj\u0105c Twoje dane podejmujemy decyzje w spos\u00f3b zautomatyzowany?<\/h4>\n<p style=\"text-align: justify;\">Przetwarzaj\u0105c Twoje dane osobowe nie podejmujemy decyzji w spos\u00f3b zautomatyzowany, w\u00a0ka\u017cdym przypadku decyzj\u0119 podejmujemy przy udziale naszych upowa\u017cnionych pracownik\u00f3w. Nie dokonujemy r\u00f3wnie\u017c profilowania polegaj\u0105cego na zbieraniu informacji o\u00a0zachowaniu poszczeg\u00f3lnych u\u017cytkownik\u00f3w oraz ich automatycznej analizie.<\/p>\n<h4 style=\"text-align: justify;\">16. W jaki spos\u00f3b dbamy o bezpiecze\u0144stwo Twoich danych osobowych?<\/h4>\n<p style=\"text-align: justify;\">Dost\u0119p do Twoich danych maj\u0105 tylko upowa\u017cnione osoby. Korzystamy z rozwi\u0105za\u0144 technicznych i organizacyjnych zapewniaj\u0105cych integralno\u015b\u0107 i bezpiecze\u0144stwo powierzanych nam danych osobowych. W przypadku naruszenia zasad przetwarzania danych, kt\u00f3re mo\u017ce skutkowa\u0107 powa\u017cnymi negatywnymi nast\u0119pstwami, poinformujemy o tym fakcie organ nadzoru oraz b\u0119dziemy z nim wsp\u00f3\u0142dzia\u0142ali w celu minimalizacji ryzyka oraz zapobiegni\u0119cia ewentualnym szkodom.<\/p>\n<h4 style=\"text-align: justify;\">17. Prawo do skargi<\/h4>\n<p style=\"text-align: justify;\">Je\u017celi dojdziesz do wniosku, \u017ce przetwarzanie Twoich danych osobowych odbywa si\u0119 z\u00a0naruszeniem przepis\u00f3w prawa, jeste\u015b uprawniony do wniesienia skargi do Generalnego Inspektora Ochrony Danych Osobowych \/ Prezesa Urz\u0119du Ochrony Danych Osobowych. \u00a0\u00a0<strong>POLITYKA WYKORZYSTYWANIA PLIK\u00d3W COOKIES<\/strong>\u00a0<strong>\u00a0<\/strong><\/p>\n<ol style=\"text-align: justify;\">\n<li><strong>Co to s\u0105 pliki cookies?<\/strong><\/li>\n<\/ol>\n<p style=\"text-align: justify;\">Pliki cookies (w dos\u0142ownym t\u0142umaczeniu: ciasteczka) s\u0105 to ma\u0142e pliki tekstowe, kt\u00f3re standardowo sk\u0142adaj\u0105 si\u0119 z niewielkich fragment\u00f3w tekstu lub zapisu kodowego, wysy\u0142ane i przechowywane w urz\u0105dzeniu, z kt\u00f3rego U\u017cytkownik \u0142\u0105czy si\u0119 z Internetem i wchodzi na stron\u0119 internetow\u0105. Pliki te s\u0142u\u017c\u0105 m.in. korzystaniu z r\u00f3\u017cnych funkcji przewidzianych na danej stronie internetowej lub potwierdzeniu, \u017ce dany U\u017cytkownik widzia\u0142 okre\u015blone tre\u015bci z danej witryny internetowej.<\/p>\n<p style=\"text-align: justify;\">\u00a02.\u00a0 <strong>Do czego wykorzystywane s\u0105 pliki cookies?<\/strong><\/p>\n<p style=\"text-align: justify;\">Dzi\u0119ki plikom cookies mo\u017cliwa jest optymalizacja korzystania z serwis\u00f3w internetowych, zar\u00f3wno na urz\u0105dzeniach stacjonarnych, jak i mobilnych przy zachowaniu anonimowo\u015bci U\u017cytkownik\u00f3w, w szczeg\u00f3lno\u015bci:<\/p>\n<ul style=\"text-align: justify;\">\n<li>zapami\u0119tywanie ustawie\u0144 U\u017cytkownik\u00f3w dotycz\u0105cych uk\u0142adu strony, rozmiaru tekstu, preferencji i kolor\u00f3w<\/li>\n<li>obs\u0142uga logowania i zapami\u0119tanie np. \u201ekoszyka zakup\u00f3w\u201d<\/li>\n<li>identyfikacja zalogowanych U\u017cytkownik\u00f3w<\/li>\n<li>zapami\u0119tywanie danych, takich jak informacje wpisywane do formularzy zam\u00f3wienia czy danych logowania<\/li>\n<li>przedstawianie spersonalizowanej reklamy<\/li>\n<li>badanie preferencji U\u017cytkownik\u00f3w i dopasowanie oferty produktowej<\/li>\n<li>wy\u015bwietlenie ostatnio przegl\u0105danych produkt\u00f3w w sklepie internetowym<\/li>\n<li>monitorowanie ruchu na stronie internetowej<\/li>\n<li>zbieranie anonimowych zbiorczych statystyk w celu doskonalenia obs\u0142ugi klienta i oferty produktowej<\/li>\n<li>korzystanie z p\u0142atno\u015bci internetowych.<\/li>\n<li><strong>Rodzaje wykorzystywanych plik\u00f3w Cookiem<\/strong><\/li>\n<\/ul>\n<p style=\"text-align: justify;\">Stosowane przez nasz\u0105 stron\u0119 cookies s\u0105 bezpieczne dla urz\u0105dze\u0144 U\u017cytkownika i nie powoduj\u0105 zmian w ich konfiguracji. Na naszej stronie internetowej wykorzystywane s\u0105 nast\u0119puj\u0105ce rodzaje plik\u00f3w cookies:<\/p>\n<ul style=\"text-align: justify;\">\n<li>Pliki cookies niezb\u0119dne ze wzgl\u0119d\u00f3w operacyjnych do dzia\u0142ania serwisu. Cookies tego rodzaju s\u0105 konieczne do funkcjonowania strony internetowej. Spe\u0142niaj\u0105 one takie funkcje jak np. utrzymanie sesji U\u017cytkownika, dzi\u0119ki czemu U\u017cytkownik nie musi na ka\u017cdej podstronie ponownie wpisywa\u0107 loginu i has\u0142a czy zapisanie informacji niezb\u0119dnych do dzia\u0142ania koszyka internetowego w przypadku zakup\u00f3w internetowych. Wy\u0142\u0105czenie tych plik\u00f3w spowoduje, \u017ce serwis nie b\u0119dzie dzia\u0142a\u0142 w spos\u00f3b prawid\u0142owy.<\/li>\n<li>Pliki cookies dotycz\u0105ce funkcjonalno\u015bci. Cookies tego rodzaju znacznie u\u0142atwiaj\u0105 korzystanie ze strony internetowej. Pozwalaj\u0105 na rozpoznawanie i zapami\u0119tywania preferencji U\u017cytkownik\u00f3w, np. pozwalaj\u0105 na zapami\u0119tanie ustawie\u0144 wybranych przez U\u017cytkownika i personalizacj\u0119 interfejsu U\u017cytkownika, wy\u015bwietlenie ostatnio przegl\u0105danych informacji, przywr\u00f3cenie sesji u\u017cytkownika.<\/li>\n<li>Pliki cookies dotycz\u0105ce popularno\u015bci. Cookies tego rodzaju monitoruj\u0105 popularno\u015b\u0107 i nat\u0119\u017cenie ruchu na stronie internetowej, pozwalaj\u0105c na ustalenie liczby anonimowych U\u017cytkownik\u00f3w oraz zbieranie anonimowych, zbiorczych statystyk, kt\u00f3re pozwalaj\u0105 doskonali\u0107 obs\u0142ug\u0119 klienta i dopasowywa\u0107 ofert\u0119 do preferencji U\u017cytkownik\u00f3w.<\/li>\n<li>Cookies zewn\u0119trzne. Cookies tego rodzaju pochodz\u0105 od podmiot\u00f3w zewn\u0119trznych, z kt\u00f3rych us\u0142ug korzysta Sp\u00f3\u0142ka. Pozwalaj\u0105 na prezentowanie reklam dostosowanych do preferencji U\u017cytkownika z wykorzystaniem narz\u0119dzia internetowej reklamy oraz s\u0105 wykorzystywane dla cel\u00f3w p\u0142atno\u015bci internetowych.<\/li>\n<li><strong>Mo\u017cliwo\u015b\u0107 okre\u015blenia warunk\u00f3w przechowywania lub uzyskania dost\u0119pu przez cookies:<\/strong>\u00a0Istnieje mo\u017cliwo\u015b\u0107 takiego skonfigurowania ka\u017cdej przegl\u0105darki internetowej, aby ca\u0142kowicie lub cz\u0119\u015bciowo wy\u0142\u0105czy\u0107 mo\u017cliwo\u015b\u0107 przechowywania plik\u00f3w cookies na dysku twardym komputera lub innego urz\u0105dzenia wykorzystywanego w celu przegl\u0105dania stron internetowych. Szczeg\u00f3\u0142owe informacje o mo\u017cliwo\u015bci i sposobach obs\u0142ugi plik\u00f3w cookies dost\u0119pne s\u0105 w ustawieniach ka\u017cdej przegl\u0105darki internetowej. Zastrzegamy jednak, \u017ce po odrzuceniu plik\u00f3w cookies niekt\u00f3re funkcje strony internetowej mog\u0105 nie dzia\u0142a\u0107 prawid\u0142owo, a nawet w niekt\u00f3rych przypadkach mo\u017ce si\u0119 to wi\u0105za\u0107 z ca\u0142kowitym uniemo\u017cliwieniem korzystania, poniewa\u017c pewne elementy strony internetowej mog\u0105 przesta\u0107 dzia\u0142a\u0107.U\u017cytkownik mo\u017ce nie wyrazi\u0107 zgody na wykorzystywanie spersonalizowanych reklamowych plik\u00f3w cookies pochodz\u0105cych od podmiot\u00f3w zewn\u0119trznych (nie spowoduje to jednak wy\u0142\u0105czenia wy\u015bwietlania reklam online). Aby dowiedzie\u0107 si\u0119 wi\u0119cej na ten temat lub aby zmieni\u0107 swoje ustawienia dotycz\u0105ce wykorzystywania spersonalizowanych reklamowych plik\u00f3w cookies pochodz\u0105cych od podmiot\u00f3w zewn\u0119trznych na terytorium Unii Europejskiej, prosimy odwiedzi\u0107 stron\u0119 www.youronlinechoices.eu. Je\u017celi przebywaj\u0105 Pa\u0144stwo w Stanach Zjednoczonych, prosimy odwiedzi\u0107 stron\u0119\u00a0<a href=\"http:\/\/www.aboutads.info\/choices\/\">http:\/\/www.aboutads.info\/choices\/<\/a>.<\/li>\n<\/ul>\n<ol style=\"text-align: justify;\">\n<li><strong>Jak w\u0142\u0105czy\u0107 i wy\u0142\u0105czy\u0107 pliki cookies u\u017cywaj\u0105c niekt\u00f3rych przegl\u0105darek:<\/strong><\/li>\n<\/ol>\n<p style=\"text-align: justify;\">Google Chrome:<\/p>\n<ul style=\"text-align: justify;\">\n<li>Kliknij ikon\u0119\u00a0na pasku narz\u0119dzi<\/li>\n<li>Wybierz \u201e<strong>Ustawienia<\/strong>&#8220;<\/li>\n<li>Na dole strony kliknij \u201e<strong>Poka\u017c ustawienia zaawansowane\u2026<\/strong>\u201d<\/li>\n<li>W sekcji \u201e<strong>Prywatno\u015b\u0107<\/strong>\u201d kliknij \u201e<strong>Ustawienia tre\u015bci<\/strong>\u201d<\/li>\n<li>Aby w\u0142\u0105czy\u0107 obs\u0142ug\u0119 plik\u00f3w cookies w sekcji \u201e<strong>Pliki cookie<\/strong>\u201d wybierz \u201e<strong>Zezwalaj na przechowywanie danych lokalnie (zalecane)<\/strong>\u201d. Aby akceptowa\u0107 tylko w\u0142asne pliki cookies, zaznacz pole \u201e<strong>Zablokuj pliki cookies i dane z witryn innych firm<\/strong>\u201d.<\/li>\n<li>Aby wy\u0142\u0105czy\u0107 obs\u0142ug\u0119 plik\u00f3w cookies w sekcji \u201e<strong>Pliki cookie<\/strong>\u201d wybierz \u201e<strong>Blokuj pr\u00f3by umieszczania na tym komputerze danych z witryn<\/strong>\u201d (nie zalecamy).<\/li>\n<li>Istnieje wiele r\u00f3\u017cnych ustawie\u0144 dla w\u0142\u0105czania i wy\u0142\u0105czania plik\u00f3w cookies w przegl\u0105darce Google Chrome. Wi\u0119cej informacji dotycz\u0105cych ustawie\u0144 jakie oferuje w przegl\u0105darka internetowa Chrome mo\u017cna znale\u017a\u0107 na oficjalnej stronie Google.<\/li>\n<\/ul>\n<p style=\"text-align: justify;\">Microsoft Internet Explorer 6.0, 7.0, 8.0, 9.0:<\/p>\n<ul style=\"text-align: justify;\">\n<li>Kliknij \u201e<strong>Narz\u0119dzia<\/strong>\u201d na g\u00f3rze okna przegl\u0105darki i wybierz \u201e<strong>Opcje internetowe<\/strong>\u201d<\/li>\n<li>W oknie \u201e<strong>Opcje internetowe<\/strong>\u201d przejd\u017a do zak\u0142adki \u201e<strong>Prywatno\u015b\u0107<\/strong>\u201d<\/li>\n<li>Aby w\u0142\u0105czy\u0107 obs\u0142ug\u0119 plik\u00f3w cookies:\u00a0<strong>Ustaw suwak na poziom \u015bredni lub poni\u017cej<\/strong><\/li>\n<li>Aby wy\u0142\u0105czy\u0107 obs\u0142ug\u0119 plik\u00f3w cookies:\u00a0<strong>Przesu\u0144 suwak na sam\u0105 g\u00f3r\u0119, aby zablokowa\u0107 wszystkie pliki cookie<\/strong><\/li>\n<li>Wraz ze zmian\u0105 po\u0142o\u017cenia suwaka prezentowane s\u0105 informacje o poziomie blokady<\/li>\n<li>Istnieje wiele r\u00f3\u017cnych ustawie\u0144 dla w\u0142\u0105czania i wy\u0142\u0105czania plik\u00f3w cookies w przegl\u0105darce Internet Explorer. Wi\u0119cej informacji dotycz\u0105cych ustawie\u0144 jakie oferuje w przegl\u0105darka internetowa firmy Microsoft dla Windows 7 oraz Windows Vista.<\/li>\n<\/ul>\n<p style=\"text-align: justify;\">Mozilla Firefox:<\/p>\n<ul style=\"text-align: justify;\">\n<li>Kliknij w menu przegl\u0105darki i wybierz \u201e<strong>Opcje<\/strong>\u201d<\/li>\n<li>Wybierz panel \u201e<strong>Prywatno\u015b\u0107<\/strong>\u201d<\/li>\n<li>W sekcji \u201e<strong>Historia<\/strong>\u201d w linii \u201e<strong>Program Firefox:<\/strong>\u201d z rozwijalnej listy nale\u017cy wybra\u0107 \u201e<strong>b\u0119dzie u\u017cywa\u0142 ustawie\u0144 u\u017cytkownika<\/strong>\u201d<\/li>\n<li>Aby w\u0142\u0105czy\u0107 obs\u0142ug\u0119 plik\u00f3w cookies opcja \u201e<strong>Akceptuj ciasteczka<\/strong>\u201d powinna by\u0107 zaznaczona wraz z opcj\u0105 \u201e<strong>Akceptuj ciasteczka z innych witryn ni\u017c odwiedzane<\/strong>\u201d.<\/li>\n<li>Aby wy\u0142\u0105czy\u0107 obs\u0142ug\u0119 plik\u00f3w cookies opcja \u201e<strong>Akceptuj ciasteczka<\/strong>\u201d powinna zosta\u0107 odznaczona.<\/li>\n<li>Istnieje wiele r\u00f3\u017cnych ustawie\u0144 dla w\u0142\u0105czania i wy\u0142\u0105czania plik\u00f3w cookies w przegl\u0105darce Mozilla Firefox. Wi\u0119cej informacji dotycz\u0105cych ustawie\u0144 jakie oferuje w przegl\u0105darka internetowa Firefox mo\u017cna znale\u017a\u0107 na oficjalnej stronie Fundacji Mozilla.<\/li>\n<\/ul>\n<p style=\"text-align: justify;\">Opera:<\/p>\n<ul style=\"text-align: justify;\">\n<li>Kliknij w menu przegl\u0105darki i wybierz \u201e<strong>Ustawienia<\/strong>\u201d, a nast\u0119pnie \u201e<strong>Preferencje<\/strong>\u201d<\/li>\n<li>W oknie \u201e<strong>Preferencje<\/strong>\u201d wybierz zak\u0142adk\u0119 \u201e<strong>Zaawansowane<\/strong>\u201d<\/li>\n<li>W menu po lewej stronie wybierz \u201e<strong>Ciasteczka<\/strong>\u201d<\/li>\n<li>Aby w\u0142\u0105czy\u0107 obs\u0142ug\u0119 plik\u00f3w cookies wybierz opcj\u0119 \u201e<strong>Akceptuj ciasteczka<\/strong>\u201d<\/li>\n<li>Aby wy\u0142\u0105czy\u0107 obs\u0142ug\u0119 plik\u00f3w cookies wybierz opcj\u0119 \u201e<strong>Nigdy nie akceptuj ciasteczek<\/strong>\u201d<\/li>\n<li>Istnieje wiele r\u00f3\u017cnych ustawie\u0144 dla w\u0142\u0105czania i wy\u0142\u0105czania plik\u00f3w cookies w przegl\u0105darce Opera. Wi\u0119cej informacji dotycz\u0105cych ustawie\u0144 jakie oferuje w przegl\u0105darka internetowa Opera mo\u017cna znale\u017a\u0107 na oficjalnej stronie Opera Software.<\/li>\n<\/ul>\n<p style=\"text-align: justify;\">Wszystkie pozosta\u0142e przegl\u0105darki: Prosimy o zajrzenie do sekcji &#8220;Pomoc&#8221; w przegl\u0105darce lub skontaktowanie si\u0119 z producentem przegl\u0105darki. Ograniczenie stosowania plik\u00f3w cookies mo\u017ce wp\u0142yn\u0105\u0107 na niekt\u00f3re funkcjonalno\u015bci dost\u0119pne na naszej stronie internetowej.<\/p>\n<\/div>\n","protected":false},"excerpt":{"rendered":"<p> ZASADY PRZETWARZANIA I OCHRONY DANYCH OSOBOWYCH POLITYKA PRYWATNO\u015aCI I WYKORZYSTYWANIA PLIK\u00d3W COOKIES POLSKA 360 prowadzi dzia\u0142alno\u015b\u0107 w zakresie opieki nad Kombatantami w czasie II wojny \u015bwiatowej i po jej zako\u0144czeniu w okrasie re\u017cimu stalinowskiego oraz dzia\u0142alno\u015b\u0107 digitalizacyjn\u0105, archiwistyczn\u0105 i kulturaln\u0105 . Dobrowolnie przekazane nam dane osobowe s\u0105 wykorzystywane w celu nawi\u0105zania kontaktu, prezentowania [&hellip;]<\/p>\n","protected":false},"author":1,"featured_media":0,"parent":0,"menu_order":0,"comment_status":"closed","ping_status":"closed","template":"template-full-width.php","meta":{"_mi_skip_tracking":false,"footnotes":""},"class_list":["post-1818","page","type-page","status-publish","hentry"],"_links":{"self":[{"href":"https:\/\/dziedzictwopolonii.pl\/portal\/wp-json\/wp\/v2\/pages\/1818","targetHints":{"allow":["GET"]}}],"collection":[{"href":"https:\/\/dziedzictwopolonii.pl\/portal\/wp-json\/wp\/v2\/pages"}],"about":[{"href":"https:\/\/dziedzictwopolonii.pl\/portal\/wp-json\/wp\/v2\/types\/page"}],"author":[{"embeddable":true,"href":"https:\/\/dziedzictwopolonii.pl\/portal\/wp-json\/wp\/v2\/users\/1"}],"replies":[{"embeddable":true,"href":"https:\/\/dziedzictwopolonii.pl\/portal\/wp-json\/wp\/v2\/comments?post=1818"}],"version-history":[{"count":4,"href":"https:\/\/dziedzictwopolonii.pl\/portal\/wp-json\/wp\/v2\/pages\/1818\/revisions"}],"predecessor-version":[{"id":2131,"href":"https:\/\/dziedzictwopolonii.pl\/portal\/wp-json\/wp\/v2\/pages\/1818\/revisions\/2131"}],"wp:attachment":[{"href":"https:\/\/dziedzictwopolonii.pl\/portal\/wp-json\/wp\/v2\/media?parent=1818"}],"curies":[{"name":"wp","href":"https:\/\/api.w.org\/{rel}","templated":true}]}}